{"id":4039,"date":"2023-08-23T11:35:05","date_gmt":"2023-08-23T09:35:05","guid":{"rendered":"https:\/\/www.add-associes.com\/sobre-a-add-associes\/"},"modified":"2026-02-03T16:53:41","modified_gmt":"2026-02-03T15:53:41","slug":"sobre-a-add-associes","status":"publish","type":"page","link":"https:\/\/www.add-associes.com\/pt-br\/sobre-a-add-associes\/","title":{"rendered":"Sobre a ADD Associ\u00e9s"},"content":{"rendered":"\n<div class=\"wp-block-group is-style-container\"><div class=\"wp-block-group__inner-container is-layout-constrained wp-block-group-is-layout-constrained\">\n<div class=\"wp-block-columns is-layout-flex wp-container-core-columns-is-layout-9d6595d7 wp-block-columns-is-layout-flex\">\n<div class=\"wp-block-column is-layout-flow wp-block-column-is-layout-flow\">\n<h2 class=\"wp-block-heading\">O grupo ADD Associ\u00e9s, uma refer\u00eancia em genealogia sucess\u00f3ria<\/h2>\n\n\n\n<p>Fundado em Paris em 1990, com a miss\u00e3o de dinamizar o mercado da genealogia sucess\u00f3ria mediante um grande investimento em pessoas, conhecimentos jur\u00eddicos internacionais e novas tecnologias, o grupo ADD Associ\u00e9s \u00e9 hoje um dos principais atores do setor a n\u00edvel mundial.&nbsp;<\/p>\n\n\n\n<figure class=\"wp-block-embed is-type-video is-provider-youtube wp-block-embed-youtube wp-embed-aspect-16-9 wp-has-aspect-ratio\"><div class=\"wp-block-embed__wrapper\">\n<iframe loading=\"lazy\" title=\"Discover ADD Associ\u00e9s, Experts in Probate Genealogy\" width=\"500\" height=\"281\" src=\"https:\/\/www.youtube.com\/embed\/IYnFWAv3AEg?feature=oembed&#038;enablejsapi=1\" frameborder=\"0\" allow=\"accelerometer; autoplay; clipboard-write; encrypted-media; gyroscope; picture-in-picture; web-share\" referrerpolicy=\"strict-origin-when-cross-origin\" allowfullscreen><\/iframe>\n<\/div><\/figure>\n\n\n\n<div class=\"wp-block-buttons is-content-justification-center is-layout-flex wp-container-core-buttons-is-layout-16018d1d wp-block-buttons-is-layout-flex\">\n<div class=\"wp-block-button\"><a class=\"wp-block-button__link wp-element-button\" href=\"https:\/\/www.add-associes.com\/pt-br\/os-nossos-servicos\/\" target=\"_blank\" rel=\"noreferrer noopener\">Conhe\u00e7a os nossos servi\u00e7os&nbsp;<\/a><\/div>\n<\/div>\n\n\n\n<div style=\"height:50px\" aria-hidden=\"true\" class=\"wp-block-spacer\"><\/div>\n\n\n\n<ul class=\"wp-block-list\">\n<li>Mais de 250 especialistas, apaixonados por genealogia sucess\u00f3ria e pela <a href=\"https:\/\/www.add-associes.com\/pt-br\/servi\u00e7os\/procurar-herdeiros\/\">investiga\u00e7\u00e3o de herdeiros<\/a>,&nbsp;<\/li>\n\n\n\n<li><a href=\"https:\/\/www.add-associes.com\/pt-br\/encontrar-o-seu-escritorio\/\">36 filiais<\/a> em Fran\u00e7a,<\/li>\n\n\n\n<li><a href=\"https:\/\/www.add-associes.com\/pt-br\/encontrar-o-seu-escritorio\/?region=international\">10 escrit\u00f3rios no exterior<\/a> : na Pol\u00f4nia, na Espanha, na It\u00e1lia, em Portugal, no Marrocos, no Vietn\u00e3, na Argentina, na Alemanha e na \u00c1ustria,<\/li>\n\n\n\n<li>Uma equipa internacional integrada, capaz de conduzir investiga\u00e7\u00f5es e encontrar herdeiros benefici\u00e1rios em todo o mundo, num prazo extremamente curto.&nbsp;<\/li>\n<\/ul>\n\n\n\n<p>Queremos continuar a encarnar a nova gera\u00e7\u00e3o de profissionais do setor, e fazemos todo o poss\u00edvel para conseguir os resultados mais fi\u00e1veis e mais r\u00e1pidos do mercado para os profissionais que confiam em n\u00f3s, e para permitir que os herdeiros que localizamos em todo o mundo possam fazer valer os seus direitos.&nbsp;<\/p>\n\n\n\n<div style=\"height:50px\" aria-hidden=\"true\" class=\"wp-block-spacer\"><\/div>\n\n\n\n<h2 class=\"wp-block-heading\">A equipa de gest\u00e3o do grupo ADD Associ\u00e9s<\/h2>\n\n\n\n<div class=\"wp-block-columns is-layout-flex wp-container-core-columns-is-layout-9d6595d7 wp-block-columns-is-layout-flex\">\n<div class=\"wp-block-column is-layout-flow wp-block-column-is-layout-flow\">\n<figure class=\"wp-block-gallery has-nested-images columns-default is-cropped wp-block-gallery-1 is-layout-flex wp-block-gallery-is-layout-flex\">\n<figure class=\"wp-block-image size-large\"><img loading=\"lazy\" decoding=\"async\" width=\"437\" height=\"554\" data-id=\"3052\" src=\"https:\/\/www.add-associes.com\/wp-content\/uploads\/2023\/09\/Antoine-Delabre-A-PROPOS-de-ADD.png\" alt=\"\" class=\"wp-image-3052\" srcset=\"https:\/\/www.add-associes.com\/wp-content\/uploads\/2023\/09\/Antoine-Delabre-A-PROPOS-de-ADD.png 437w, https:\/\/www.add-associes.com\/wp-content\/uploads\/2023\/09\/Antoine-Delabre-A-PROPOS-de-ADD-237x300.png 237w, https:\/\/www.add-associes.com\/wp-content\/uploads\/2023\/09\/Antoine-Delabre-A-PROPOS-de-ADD-356x450.png 356w\" sizes=\"auto, (max-width: 437px) 100vw, 437px\" \/><figcaption class=\"wp-element-caption\">Antoine Delabre <br>Presidente do Conselho de Supervis\u00e3o &#8211; S\u00f3cio cofundador<\/figcaption><\/figure>\n<\/figure>\n<\/div>\n\n\n\n<div class=\"wp-block-column is-layout-flow wp-block-column-is-layout-flow\">\n<figure class=\"wp-block-gallery has-nested-images columns-default is-cropped wp-block-gallery-2 is-layout-flex wp-block-gallery-is-layout-flex\">\n<figure class=\"wp-block-image size-large\"><img loading=\"lazy\" decoding=\"async\" width=\"437\" height=\"554\" data-id=\"3056\" src=\"https:\/\/www.add-associes.com\/wp-content\/uploads\/2023\/09\/Antoine-Djibka-A-PROPOS-de-ADD.png\" alt=\"\" class=\"wp-image-3056\" srcset=\"https:\/\/www.add-associes.com\/wp-content\/uploads\/2023\/09\/Antoine-Djibka-A-PROPOS-de-ADD.png 437w, https:\/\/www.add-associes.com\/wp-content\/uploads\/2023\/09\/Antoine-Djibka-A-PROPOS-de-ADD-237x300.png 237w, https:\/\/www.add-associes.com\/wp-content\/uploads\/2023\/09\/Antoine-Djibka-A-PROPOS-de-ADD-356x450.png 356w\" sizes=\"auto, (max-width: 437px) 100vw, 437px\" \/><figcaption class=\"wp-element-caption\">Antoine Djikpa <br>S\u00f3cio &#8211; Presidente do Grupo ADD<\/figcaption><\/figure>\n<\/figure>\n<\/div>\n\n\n\n<div class=\"wp-block-column is-layout-flow wp-block-column-is-layout-flow\">\n<figure class=\"wp-block-gallery has-nested-images columns-default is-cropped wp-block-gallery-3 is-layout-flex wp-block-gallery-is-layout-flex\">\n<figure class=\"wp-block-image size-large\"><img loading=\"lazy\" decoding=\"async\" width=\"437\" height=\"554\" data-id=\"3054\" src=\"https:\/\/www.add-associes.com\/wp-content\/uploads\/2023\/09\/AURELIE-ROGER-A-PROPOS-de-ADD.png\" alt=\"\" class=\"wp-image-3054\" srcset=\"https:\/\/www.add-associes.com\/wp-content\/uploads\/2023\/09\/AURELIE-ROGER-A-PROPOS-de-ADD.png 437w, https:\/\/www.add-associes.com\/wp-content\/uploads\/2023\/09\/AURELIE-ROGER-A-PROPOS-de-ADD-237x300.png 237w, https:\/\/www.add-associes.com\/wp-content\/uploads\/2023\/09\/AURELIE-ROGER-A-PROPOS-de-ADD-356x450.png 356w\" sizes=\"auto, (max-width: 437px) 100vw, 437px\" \/><figcaption class=\"wp-element-caption\">Aur\u00e9lie Roger<br>S\u00f3cia &#8211; Diretora general do Grupo ADD<\/figcaption><\/figure>\n<\/figure>\n<\/div>\n\n\n\n<div class=\"wp-block-column is-layout-flow wp-block-column-is-layout-flow\">\n<figure class=\"wp-block-gallery has-nested-images columns-default is-cropped wp-block-gallery-4 is-layout-flex wp-block-gallery-is-layout-flex\">\n<figure class=\"wp-block-image size-full\"><img loading=\"lazy\" decoding=\"async\" width=\"437\" height=\"554\" data-id=\"11637\" src=\"https:\/\/www.add-associes.com\/wp-content\/uploads\/2025\/02\/Jerome-CARLIEZ-Directeur-general-adjoint-du-groupe-Associe.png\" alt=\"J\u00e9r\u00f4me CARLIEZ directeur bureau ADD ASSOCIES g\u00e9n\u00e9alogiste \u00e0 Metz et Strasbourg\" class=\"wp-image-11637\" srcset=\"https:\/\/www.add-associes.com\/wp-content\/uploads\/2025\/02\/Jerome-CARLIEZ-Directeur-general-adjoint-du-groupe-Associe.png 437w, https:\/\/www.add-associes.com\/wp-content\/uploads\/2025\/02\/Jerome-CARLIEZ-Directeur-general-adjoint-du-groupe-Associe-237x300.png 237w, https:\/\/www.add-associes.com\/wp-content\/uploads\/2025\/02\/Jerome-CARLIEZ-Directeur-general-adjoint-du-groupe-Associe-356x450.png 356w\" sizes=\"auto, (max-width: 437px) 100vw, 437px\" \/><figcaption class=\"wp-element-caption\">J\u00e9r\u00f4me Carliez <br>S\u00f3cio &#8211; Vice Diretor General do Grupo ADD<\/figcaption><\/figure>\n<\/figure>\n<\/div>\n<\/div>\n<\/div>\n<\/div>\n<\/div><\/div>\n\n\n\n<div class=\"wp-block-group is-style-container has-light-background-color has-background\"><div class=\"wp-block-group__inner-container is-layout-constrained wp-block-group-is-layout-constrained\">\n<div class=\"wp-block-columns is-layout-flex wp-container-core-columns-is-layout-9d6595d7 wp-block-columns-is-layout-flex\">\n<div class=\"wp-block-column is-layout-flow wp-block-column-is-layout-flow\">\n<h2 class=\"wp-block-heading\">A nossa raz\u00e3o de ser<\/h2>\n\n\n\n<p>Para n\u00f3s, localizar um herdeiro \u00e9 muito mais do que uma quest\u00e3o de patrim\u00f3nio: \u00e9 tamb\u00e9m uma quest\u00e3o de direito, de equidade, de considera\u00e7\u00e3o pelo ser humano e de compreender a sociedade em todas as suas facetas.&nbsp;<\/p>\n\n\n\n<p>Esta \u00e9 a raz\u00e3o pela qual tratamos todos os dossi\u00eas de pesquisa de herdeiros com independ\u00eancia do valor dos ativos ou da dificuldade da investiga\u00e7\u00e3o geneal\u00f3gica.&nbsp;<\/p>\n\n\n\n<p>Estamos sempre prontos para ir at\u00e9 aos confins da terra para encontrar um herdeiro e fazer valer os seus direitos. Porque cada vez que as equipas da ADD Associ\u00e9s localizam uma pessoa, \u00e9 mais uma hist\u00f3ria de fam\u00edlia que se reconstr\u00f3i e um parente que encontra nela o seu lugar.&nbsp;<\/p>\n<\/div>\n<\/div>\n<\/div><\/div>\n\n\n\n\n<div class=\"wp-block-group is-layout-constrained\" style=\"overflow:hidden\">\n    <div class=\"wp-block-group__inner-container\">\n        <div class=\"row timeline\">\n            <h2 class=\"col-lg-8\">A hist\u00f3ria da ADD Associ\u00e9s<\/h2>\n            <div class=\"splide is-splide-timeline\" aria-labelledby=\"carousel-heading\">\n                <div class=\"splide__arrows splide__arrows--static col-12 col-lg-8\"><\/div>\n                <div class=\"splide__track\">\n                    <ul class=\"splide__list\">\n                                                    <li class=\"splide__slide\">\n                                                                    <img decoding=\"async\" class=\"\"\n                                        src=\"https:\/\/www.add-associes.com\/wp-content\/uploads\/2023\/09\/Fondateurs-ADD-Associes-1.png\"\n                                        alt=\"1990\">\n                                \n                                                                    <p class=\"lead\">1990<\/p>\n                                                                                                    <p>Christophe Aubrun, Denis Delcros e Antoine Delabre fundam em Paris o Centro de Estudos Geneal\u00f3gicos Aubrun &#8211; Delcros &#8211; Delabre.<\/p>\n                                                            <\/li>\n                                                    <li class=\"splide__slide\">\n                                                                    <img decoding=\"async\" class=\"\"\n                                        src=\"https:\/\/www.add-associes.com\/wp-content\/uploads\/2023\/09\/Montage.png\"\n                                        alt=\"1995\">\n                                \n                                                                    <p class=\"lead\">1995<\/p>\n                                                                                                    <p>V\u00e9ronique Cantegrel une-se ao trio de fundadores como associada. Nesse mesmo ano, Didier Pierson abre a delega\u00e7\u00e3o de Rouen, a primeira sucursal normanda do Gabinete Pierson, do qual \u00e9 s\u00f3cio-gerente. <\/p>\n                                                            <\/li>\n                                                    <li class=\"splide__slide\">\n                                                                    <img decoding=\"async\" class=\"\"\n                                        src=\"https:\/\/www.add-associes.com\/wp-content\/uploads\/2023\/09\/Laurent-Martino-ADD-Associes-Histoire.png\"\n                                        alt=\"1996\">\n                                \n                                                                    <p class=\"lead\">1996<\/p>\n                                                                                                    <p>Cria\u00e7\u00e3o da delega\u00e7\u00e3o de Nice por Laurent Martino, que se torna s\u00f3cio-gerente da filial ADD MARTINO no Sudeste. <\/p>\n                                                            <\/li>\n                                                    <li class=\"splide__slide\">\n                                                                    <img decoding=\"async\" class=\"\"\n                                        src=\"https:\/\/www.add-associes.com\/wp-content\/uploads\/2023\/09\/Antoine-Djibka-ADD-Associes-Histoire.png\"\n                                        alt=\"1998\">\n                                \n                                                                    <p class=\"lead\">1998<\/p>\n                                                                                                    <p>Antoine Djikpa une-se \u00e0 equipa de investiga\u00e7\u00e3o da ADD Associ\u00e9s. Atualmente \u00e9 diretor-geral do grupo &#8211; associado. <\/p>\n                                                            <\/li>\n                                                    <li class=\"splide__slide\">\n                                                                    <img decoding=\"async\" class=\"\"\n                                        src=\"https:\/\/www.add-associes.com\/wp-content\/uploads\/2023\/09\/Jerome-bernard-ADD-Associes-Histoire.png\"\n                                        alt=\"2008\">\n                                \n                                                                    <p class=\"lead\">2008<\/p>\n                                                                                                    <p>J\u00e9r\u00f4me Bernard une-se ao grupo ADD Associ\u00e9s como S\u00f3cio-Gerente da filial Pierson &amp; Associ\u00e9s Grand Ouest. \r\n\r\nPrimeira certifica\u00e7\u00e3o ISO 9001 da ADD Associ\u00e9s. <\/p>\n                                                            <\/li>\n                                                    <li class=\"splide__slide\">\n                                                                    <img decoding=\"async\" class=\"\"\n                                        src=\"https:\/\/www.add-associes.com\/wp-content\/uploads\/2023\/09\/Pierre-Coyola-ADD-Associes-Histoire.png\"\n                                        alt=\"2010\">\n                                \n                                                                    <p class=\"lead\">2010<\/p>\n                                                                                                    <p>Abertura do Escrit\u00f3rio de Bayonne, dirigido por Pierre Coyola, s\u00f3cio-gerente da filial ADD COYOLA. <\/p>\n                                                            <\/li>\n                                                    <li class=\"splide__slide\">\n                                                                    <img decoding=\"async\" class=\"\"\n                                        src=\"https:\/\/www.add-associes.com\/wp-content\/uploads\/2023\/09\/Renaud-Lacombe-ADD-Associes-Histoire.png\"\n                                        alt=\"2014\">\n                                \n                                                                    <p class=\"lead\">2014<\/p>\n                                                                                                    <p>Renaud Lacombe abre e dirige a filial ADD LACOMBE da qual \u00e9 s\u00f3cio-gerente em Bord\u00e9us, onde ser\u00e1 sucedido em 2021 por Jorel Auger e Albane de Lorgeril. <\/p>\n                                                            <\/li>\n                                                    <li class=\"splide__slide\">\n                                                                    <img decoding=\"async\" class=\"\"\n                                        src=\"https:\/\/www.add-associes.com\/wp-content\/uploads\/2023\/07\/PICTO-DATA.png\"\n                                        alt=\"2016\">\n                                \n                                                                    <p class=\"lead\">2016<\/p>\n                                                                                                    <p>Cria\u00e7\u00e3o de ADD Data, a nossa base de dados geneal\u00f3gica continuamente atualizada, com mais de 500 milh\u00f5es de dados indexados. <\/p>\n                                                            <\/li>\n                                                    <li class=\"splide__slide\">\n                                                                    <img decoding=\"async\" class=\"\"\n                                        src=\"https:\/\/www.add-associes.com\/wp-content\/uploads\/2023\/07\/arbre.png\"\n                                        alt=\"2019\">\n                                \n                                                                    <p class=\"lead\">2019<\/p>\n                                                                                                    <p>Cria\u00e7\u00e3o da Tabela Geneal\u00f3gica Desmaterializada (TGD), um novo software concebido pela ADD Associ\u00e9s. <\/p>\n                                                            <\/li>\n                                                    <li class=\"splide__slide\">\n                                                                    <img decoding=\"async\" class=\"\"\n                                        src=\"https:\/\/www.add-associes.com\/wp-content\/uploads\/2023\/08\/Jan-Mathis-Holstein-ADD-Carre.jpg\"\n                                        alt=\"2022\">\n                                \n                                                                    <p class=\"lead\">2022<\/p>\n                                                                                                    <p>Abertura da filial ADD HOLSTEIN em Berlim e em Col\u00f3nia, na Alemanha, dirigida por Jan-Mathis Holstein. <\/p>\n                                                            <\/li>\n                                                    <li class=\"splide__slide\">\n                                                                    <img decoding=\"async\" class=\"\"\n                                        src=\"https:\/\/www.add-associes.com\/wp-content\/uploads\/2023\/08\/ADD_CONNECT_RVB.png\"\n                                        alt=\"2024\">\n                                \n                                                                    <p class=\"lead\">2024<\/p>\n                                                                                                    <p>Lan\u00e7amento de ADD Connect, o espa\u00e7o personalizado para profissionais que lhes permite consultar em tempo real os seus ficheiros confiados \u00e0 ADD Associ\u00e9s. <\/p>\n                                                            <\/li>\n                                                    <li class=\"splide__slide\">\n                                                                    <img decoding=\"async\" class=\"\"\n                                        src=\"https:\/\/www.add-associes.com\/wp-content\/uploads\/2023\/09\/Pierre-Coyola-ADD-Associes-Histoire.png\"\n                                        alt=\"2024\">\n                                \n                                                                    <p class=\"lead\">2024<\/p>\n                                                                                                    <p>Abertura da filial da ADD GENEALOG\u00cdA em Madri, na Espanha, administrada por Pierre Coyola, s\u00f3cio-diretor da filial da ADD COYOLA. <\/p>\n                                                            <\/li>\n                                                    <li class=\"splide__slide\">\n                                                                    <img decoding=\"async\" class=\"\"\n                                        src=\"https:\/\/www.add-associes.com\/wp-content\/uploads\/2024\/11\/Equipe-ADD-Associes-Holstein-a-innsbruck.jpg\"\n                                        alt=\"2024\">\n                                \n                                                                    <p class=\"lead\">2024<\/p>\n                                                                                                    <p>Abertura de um escrit\u00f3rio ADD HOLSTEIN em Innsbruck, na \u00c1ustria, sob a dire\u00e7\u00e3o de Jan-Mathis Holstein, acompanhado por Eva Waldhuber e Julia Pfeifer.<\/p>\n                                                            <\/li>\n                                                    <li class=\"splide__slide\">\n                                                                    <img decoding=\"async\" class=\"\"\n                                        src=\"https:\/\/www.add-associes.com\/wp-content\/uploads\/2025\/02\/Equipe-dirigeante-du-groupe-ADD-Associes-2025.jpg\"\n                                        alt=\"2025\">\n                                \n                                                                    <p class=\"lead\">2025<\/p>\n                                                                                                    <p>O grupo ADD continua sua evolu\u00e7\u00e3o. 21 colaboradores entram para o capital do grupo e se tornam s\u00f3cios.<\/p>\n                                                            <\/li>\n                                                    <li class=\"splide__slide\">\n                                                                    <img decoding=\"async\" class=\"\"\n                                        src=\"https:\/\/www.add-associes.com\/wp-content\/uploads\/2025\/10\/Moyne-Associes-rejoint-le-Groupe-ADD.jpg\"\n                                        alt=\"2025\">\n                                \n                                                                    <p class=\"lead\">2025<\/p>\n                                                                                                    <p>O escrit\u00f3rio Moyne &amp; Associ\u00e9s, fundado e dirigido por Olivier Moyne, juntou-se ao grupo ADD. Os colaboradores dos nove escrit\u00f3rios passam assim a refor\u00e7ar a expertise e a presen\u00e7a territorial do conjunto.<\/p>\n                                                            <\/li>\n                                                    <li class=\"splide__slide\">\n                                                                    <img decoding=\"async\" class=\"\"\n                                        src=\"https:\/\/www.add-associes.com\/wp-content\/uploads\/2026\/02\/Batres-Genealogy-Services-rejoint-le-groupe-ADD-.webp\"\n                                        alt=\"2026\">\n                                \n                                                                    <p class=\"lead\">2026<\/p>\n                                                                                                    <p>Batres Genealogy Services, reconhecida internacionalmente como refer\u00eancia na genealogia sucess\u00f3ria na Am\u00e9rica do Sul e liderada por Maria Batres, integra o Grupo ADD e adota uma nova identidade: ADD Batres.<\/p>\n                                                            <\/li>\n                                            <\/ul>\n                <\/div>\n            <\/div>\n        <\/div>\n    <\/div>\n<\/div>\n\n\n\n\n<div class=\"wp-block-group is-style-default has-light-background-color has-background\"><div class=\"wp-block-group__inner-container is-layout-constrained wp-block-group-is-layout-constrained\">\n\n\n<div class=\"wp-block-group is-style-container is-layout-constrained\" style=\"overflow:hidden\">    <div class=\"splide is-splide-section-card container\" aria-labelledby=\"carousel-heading\">\n        <div class=\"row row--section\">\n            <div class=\"col-12 col-md-6 col-lg-5 content\">\n                <h2 id=\"carousel-heading\">Adicionar Associ\u00e9s, especialistas ao seu dispor\u00a0<\/h2>\n                \n                                                        <a href=\"https:\/\/www.add-associes.com\/pt-br\/os-nossos-servicos\/\" class=\"btn btn-link links section-link\">\n                        Todos os servi\u00e7os                    <\/a>\n                                    \n                <div class=\"splide__arrows splide__arrows--static\"><\/div>\n            <\/div>\n\n            <div class=\"col-10 col-sm-12 col-md-6 col-lg-7 col-xl-6 slider offset-xl-1\">\n                <div class=\"splide__track\">\n                    <ul class=\"splide__list\">\n                                                    <li class=\"splide__slide\">\n                                \n<div class=\"card card--prestation card--bg\">\n    <div class=\"card-body\">\n        <h3 class=\"card-title\">Verifica\u00e7\u00e3o da devolu\u00e7\u00e3o sucess\u00f3ria<\/h3>\n                    <p class=\"card-text\">A devolu\u00e7\u00e3o sucess\u00f3ria fixa, de acordo com a ordem de sucess\u00e3o definida pelo C\u00f3digo Civil (arti &#8230;<\/p>\n            <\/div>\n    <div class=\"card-footer\">\n        <a href=\"https:\/\/www.add-associes.com\/pt-br\/servi\u00e7os\/verificacao-da-devolucao-de-um-bem\/\" class=\"btn btn-light btn-icon stretched-link\">\n            <svg alt=\"arrow\" width=\"11\" height=\"11\" class=\"icon lien\" ><use xlink:href=\"https:\/\/www.add-associes.com\/wp-content\/themes\/add\/dist\/icons\/sprite.svg#arrow\"><\/use><\/svg>        <\/a>\n    <\/div>\n<\/div>\n                            <\/li>\n                                                    <li class=\"splide__slide\">\n                                \n<div class=\"card card--prestation card--bg\">\n    <div class=\"card-body\">\n        <h3 class=\"card-title\">Localizar herdeiros<\/h3>\n                    <p class=\"card-text\">A localiza\u00e7\u00e3o de herdeiros \u00e9 uma miss\u00e3o que pode revelar-se necess\u00e1ria em processos sucess\u00f3rio &#8230;<\/p>\n            <\/div>\n    <div class=\"card-footer\">\n        <a href=\"https:\/\/www.add-associes.com\/pt-br\/servi\u00e7os\/procurar-herdeiros\/\" class=\"btn btn-light btn-icon stretched-link\">\n            <svg alt=\"arrow\" width=\"11\" height=\"11\" class=\"icon lien\" ><use xlink:href=\"https:\/\/www.add-associes.com\/wp-content\/themes\/add\/dist\/icons\/sprite.svg#arrow\"><\/use><\/svg>        <\/a>\n    <\/div>\n<\/div>\n                            <\/li>\n                                                    <li class=\"splide__slide\">\n                                \n<div class=\"card card--prestation card--bg\">\n    <div class=\"card-body\">\n        <h3 class=\"card-title\">Bens imobili\u00e1rios vazios e sem propriet\u00e1rio conhecido<\/h3>\n                    <p class=\"card-text\">Degrada\u00e7\u00e3o do edif\u00edcio com a consequente perda do valor patrimonial, custos de manuten\u00e7\u00e3o, enca &#8230;<\/p>\n            <\/div>\n    <div class=\"card-footer\">\n        <a href=\"https:\/\/www.add-associes.com\/pt-br\/servi\u00e7os\/imoveis-devolutos-e-sem-dono\/\" class=\"btn btn-light btn-icon stretched-link\">\n            <svg alt=\"arrow\" width=\"11\" height=\"11\" class=\"icon lien\" ><use xlink:href=\"https:\/\/www.add-associes.com\/wp-content\/themes\/add\/dist\/icons\/sprite.svg#arrow\"><\/use><\/svg>        <\/a>\n    <\/div>\n<\/div>\n                            <\/li>\n                                                    <li class=\"splide__slide\">\n                                \n<div class=\"card card--prestation card--bg\">\n    <div class=\"card-body\">\n        <h3 class=\"card-title\">Investigar a proveni\u00eancia de obras de arte roubadas<\/h3>\n                    <p class=\"card-text\">O departamento de investiga\u00e7\u00e3o de proveni\u00eancia, chefiado por El\u00e9onore Delabre, est\u00e1 especializa &#8230;<\/p>\n            <\/div>\n    <div class=\"card-footer\">\n        <a href=\"https:\/\/www.add-associes.com\/pt-br\/servi\u00e7os\/rastrear-a-proveniencia-de-obras-de-arte-saqueadas\/\" class=\"btn btn-light btn-icon stretched-link\">\n            <svg alt=\"arrow\" width=\"11\" height=\"11\" class=\"icon lien\" ><use xlink:href=\"https:\/\/www.add-associes.com\/wp-content\/themes\/add\/dist\/icons\/sprite.svg#arrow\"><\/use><\/svg>        <\/a>\n    <\/div>\n<\/div>\n                            <\/li>\n                                                    <li class=\"splide__slide\">\n                                \n<div class=\"card card--prestation card--bg\">\n    <div class=\"card-body\">\n        <h3 class=\"card-title\">Verifica\u00e7\u00e3o da aus\u00eancia de herdeiros legitim\u00e1rios<\/h3>\n                    <p class=\"card-text\">Alguns herdeiros n\u00e3o podem ser exclu\u00eddos de um processo sucess\u00f3rio, independentemente da vontade  &#8230;<\/p>\n            <\/div>\n    <div class=\"card-footer\">\n        <a href=\"https:\/\/www.add-associes.com\/pt-br\/servi\u00e7os\/verificar-se-nao-existem-herdeiros-reservados\/\" class=\"btn btn-light btn-icon stretched-link\">\n            <svg alt=\"arrow\" width=\"11\" height=\"11\" class=\"icon lien\" ><use xlink:href=\"https:\/\/www.add-associes.com\/wp-content\/themes\/add\/dist\/icons\/sprite.svg#arrow\"><\/use><\/svg>        <\/a>\n    <\/div>\n<\/div>\n                            <\/li>\n                                                    <li class=\"splide__slide\">\n                                \n<div class=\"card card--prestation card--bg\">\n    <div class=\"card-body\">\n        <h3 class=\"card-title\">Representa\u00e7\u00e3o dos herdeiros<\/h3>\n                    <p class=\"card-text\">Porque \u00e9 importante fazer-se representar por um genealogista sucess\u00f3rio no processo de liquida\u00e7\u00e3 &#8230;<\/p>\n            <\/div>\n    <div class=\"card-footer\">\n        <a href=\"https:\/\/www.add-associes.com\/pt-br\/servi\u00e7os\/representacao-de-herdeiros\/\" class=\"btn btn-light btn-icon stretched-link\">\n            <svg alt=\"arrow\" width=\"11\" height=\"11\" class=\"icon lien\" ><use xlink:href=\"https:\/\/www.add-associes.com\/wp-content\/themes\/add\/dist\/icons\/sprite.svg#arrow\"><\/use><\/svg>        <\/a>\n    <\/div>\n<\/div>\n                            <\/li>\n                                                    <li class=\"splide__slide\">\n                                \n<div class=\"card card--prestation card--bg\">\n    <div class=\"card-body\">\n        <h3 class=\"card-title\">Contas banc\u00e1rias e seguros de vida inativos<\/h3>\n            <\/div>\n    <div class=\"card-footer\">\n        <a href=\"https:\/\/www.add-associes.com\/pt-br\/servi\u00e7os\/contas-bancarias-e-apolices-de-seguro-de-vida-caducadas\/\" class=\"btn btn-light btn-icon stretched-link\">\n            <svg alt=\"arrow\" width=\"11\" height=\"11\" class=\"icon lien\" ><use xlink:href=\"https:\/\/www.add-associes.com\/wp-content\/themes\/add\/dist\/icons\/sprite.svg#arrow\"><\/use><\/svg>        <\/a>\n    <\/div>\n<\/div>\n                            <\/li>\n                                            <\/ul>\n                <\/div>\n            <\/div>\n        <\/div>\n    <\/div>\n<\/div>\n<\/div><\/div>\n","protected":false},"excerpt":{"rendered":"<p>O grupo ADD Associ\u00e9s, uma refer\u00eancia em genealogia sucess\u00f3ria Fundado em Paris em 1990, com a miss\u00e3o de dinamizar o mercado da genealogia sucess\u00f3ria mediante um grande investimento em pessoas, conhecimentos jur\u00eddicos internacionais e novas tecnologias, o grupo ADD Associ\u00e9s \u00e9 hoje um dos principais atores do setor a n\u00edvel mundial.&nbsp; Queremos continuar a encarnar [&hellip;]<\/p>\n","protected":false},"author":8,"featured_media":0,"parent":0,"menu_order":0,"comment_status":"closed","ping_status":"closed","template":"","meta":{"_acf_changed":true,"footnotes":""},"class_list":["post-4039","page","type-page","status-publish","hentry"],"acf":[],"_links":{"self":[{"href":"https:\/\/www.add-associes.com\/pt-br\/wp-json\/wp\/v2\/pages\/4039","targetHints":{"allow":["GET"]}}],"collection":[{"href":"https:\/\/www.add-associes.com\/pt-br\/wp-json\/wp\/v2\/pages"}],"about":[{"href":"https:\/\/www.add-associes.com\/pt-br\/wp-json\/wp\/v2\/types\/page"}],"author":[{"embeddable":true,"href":"https:\/\/www.add-associes.com\/pt-br\/wp-json\/wp\/v2\/users\/8"}],"replies":[{"embeddable":true,"href":"https:\/\/www.add-associes.com\/pt-br\/wp-json\/wp\/v2\/comments?post=4039"}],"version-history":[{"count":0,"href":"https:\/\/www.add-associes.com\/pt-br\/wp-json\/wp\/v2\/pages\/4039\/revisions"}],"wp:attachment":[{"href":"https:\/\/www.add-associes.com\/pt-br\/wp-json\/wp\/v2\/media?parent=4039"}],"curies":[{"name":"wp","href":"https:\/\/api.w.org\/{rel}","templated":true}]}}